{"id":7,"date":"2021-10-17T15:17:09","date_gmt":"2021-10-17T13:17:09","guid":{"rendered":"http:\/\/pp11wpolicach.pl\/?page_id=7"},"modified":"2026-03-23T07:03:03","modified_gmt":"2026-03-23T06:03:03","slug":"o-nas","status":"publish","type":"page","link":"https:\/\/pp11wpolicach.pl\/","title":{"rendered":"O NAS"},"content":{"rendered":"\t\t<div data-elementor-type=\"wp-page\" data-elementor-id=\"7\" class=\"elementor elementor-7\">\n\t\t\t\t\t\t<section class=\"elementor-section elementor-top-section elementor-element elementor-element-58122352 envato-kit-15-background-fix elementor-section-boxed elementor-section-height-default elementor-section-height-default\" data-id=\"58122352\" data-element_type=\"section\" data-settings=\"{&quot;background_background&quot;:&quot;classic&quot;}\">\n\t\t\t\t\t\t\t<div class=\"elementor-background-overlay\"><\/div>\n\t\t\t\t\t\t\t<div class=\"elementor-container elementor-column-gap-default\">\n\t\t\t\t\t<div class=\"elementor-column elementor-col-100 elementor-top-column elementor-element elementor-element-43517e32 elementor-invisible\" data-id=\"43517e32\" data-element_type=\"column\" data-settings=\"{&quot;animation&quot;:&quot;fadeInUp&quot;}\">\n\t\t\t<div class=\"elementor-widget-wrap elementor-element-populated\">\n\t\t\t\t\t\t<div class=\"elementor-element elementor-element-749639ec elementor-widget elementor-widget-heading\" data-id=\"749639ec\" data-element_type=\"widget\" data-widget_type=\"heading.default\">\n\t\t\t\t<div class=\"elementor-widget-container\">\n\t\t\t\t\t<h2 class=\"elementor-heading-title elementor-size-default\"><span style=\"font-family: Alata, sans-serif;font-size: 14px;font-style: normal;font-weight: 300;letter-spacing: 2.8px\">\u201ePrzedszkole Przyja\u017ani na ulicy Przyja\u017ani\u201d - wita na swojej stronie...<\/span><\/h2>\t\t\t\t<\/div>\n\t\t\t\t<\/div>\n\t\t\t\t<div class=\"elementor-element elementor-element-83be776 elementor-widget elementor-widget-spacer\" data-id=\"83be776\" data-element_type=\"widget\" data-widget_type=\"spacer.default\">\n\t\t\t\t<div class=\"elementor-widget-container\">\n\t\t\t\t\t\t\t<div class=\"elementor-spacer\">\n\t\t\t<div class=\"elementor-spacer-inner\"><\/div>\n\t\t<\/div>\n\t\t\t\t\t\t<\/div>\n\t\t\t\t<\/div>\n\t\t\t\t<div class=\"elementor-element elementor-element-b6be92d elementor-widget elementor-widget-heading\" data-id=\"b6be92d\" data-element_type=\"widget\" data-widget_type=\"heading.default\">\n\t\t\t\t<div class=\"elementor-widget-container\">\n\t\t\t\t\t<h2 class=\"elementor-heading-title elementor-size-default\">Przedszkole Publiczne nr 11 w Policach<br><\/h2>\t\t\t\t<\/div>\n\t\t\t\t<\/div>\n\t\t\t\t<section class=\"elementor-section elementor-inner-section elementor-element elementor-element-b0ec8f8 elementor-section-boxed elementor-section-height-default elementor-section-height-default\" data-id=\"b0ec8f8\" data-element_type=\"section\">\n\t\t\t\t\t\t<div class=\"elementor-container elementor-column-gap-default\">\n\t\t\t\t\t<div class=\"elementor-column elementor-col-33 elementor-inner-column elementor-element elementor-element-8329b69\" data-id=\"8329b69\" data-element_type=\"column\">\n\t\t\t<div class=\"elementor-widget-wrap\">\n\t\t\t\t\t\t\t<\/div>\n\t\t<\/div>\n\t\t\t\t<div class=\"elementor-column elementor-col-33 elementor-inner-column elementor-element elementor-element-d85a01d\" data-id=\"d85a01d\" data-element_type=\"column\">\n\t\t\t<div class=\"elementor-widget-wrap elementor-element-populated\">\n\t\t\t\t\t\t<div class=\"elementor-element elementor-element-21bc4b55 elementor-align-center elementor-widget elementor-widget-button\" data-id=\"21bc4b55\" data-element_type=\"widget\" data-widget_type=\"button.default\">\n\t\t\t\t<div class=\"elementor-widget-container\">\n\t\t\t\t\t\t\t\t\t<div class=\"elementor-button-wrapper\">\n\t\t\t\t\t<a class=\"elementor-button elementor-button-link elementor-size-lg\" href=\"http:\/\/pp11wpolicach.pl\/?page_id=11\">\n\t\t\t\t\t\t<span class=\"elementor-button-content-wrapper\">\n\t\t\t\t\t\t\t\t\t<span class=\"elementor-button-text\">Aktualno\u015bci<\/span>\n\t\t\t\t\t<\/span>\n\t\t\t\t\t<\/a>\n\t\t\t\t<\/div>\n\t\t\t\t\t\t\t\t<\/div>\n\t\t\t\t<\/div>\n\t\t\t\t\t<\/div>\n\t\t<\/div>\n\t\t\t\t<div class=\"elementor-column elementor-col-33 elementor-inner-column elementor-element elementor-element-1230c8b\" data-id=\"1230c8b\" data-element_type=\"column\">\n\t\t\t<div class=\"elementor-widget-wrap elementor-element-populated\">\n\t\t\t\t\t\t<div class=\"elementor-element elementor-element-5142301 elementor-position-top elementor-widget elementor-widget-image-box\" data-id=\"5142301\" data-element_type=\"widget\" data-widget_type=\"image-box.default\">\n\t\t\t\t<div class=\"elementor-widget-container\">\n\t\t\t\t\t<div class=\"elementor-image-box-wrapper\"><figure class=\"elementor-image-box-img\"><img fetchpriority=\"high\" decoding=\"async\" width=\"276\" height=\"276\" src=\"https:\/\/pp11wpolicach.pl\/wp-content\/uploads\/2021\/10\/teams.png\" class=\"attachment-full size-full wp-image-69\" alt=\"\" srcset=\"https:\/\/pp11wpolicach.pl\/wp-content\/uploads\/2021\/10\/teams.png 276w, https:\/\/pp11wpolicach.pl\/wp-content\/uploads\/2021\/10\/teams-150x150.png 150w\" sizes=\"(max-width: 276px) 100vw, 276px\" \/><\/figure><div class=\"elementor-image-box-content\"><h3 class=\"elementor-image-box-title\">Teams Office 365<\/h3><p class=\"elementor-image-box-description\">Oficjalny kana\u0142 komunikacyjny naszego przedszkola    \/\n\n\n                                                                  ADRES E-DOR\u0118CZENIA : \n                                                                  AE:PL-61513-21333-JGAIU-29<\/p><\/div><\/div>\t\t\t\t<\/div>\n\t\t\t\t<\/div>\n\t\t\t\t\t<\/div>\n\t\t<\/div>\n\t\t\t\t\t<\/div>\n\t\t<\/section>\n\t\t\t\t\t<\/div>\n\t\t<\/div>\n\t\t\t\t\t<\/div>\n\t\t<\/section>\n\t\t\t\t<section class=\"elementor-section elementor-top-section elementor-element elementor-element-2f76b40f elementor-section-boxed elementor-section-height-default elementor-section-height-default\" data-id=\"2f76b40f\" data-element_type=\"section\" data-settings=\"{&quot;background_background&quot;:&quot;classic&quot;}\">\n\t\t\t\t\t\t<div class=\"elementor-container elementor-column-gap-no\">\n\t\t\t\t\t<div class=\"elementor-column elementor-col-100 elementor-top-column elementor-element elementor-element-7d2d563 elementor-invisible\" data-id=\"7d2d563\" data-element_type=\"column\" data-settings=\"{&quot;background_background&quot;:&quot;classic&quot;,&quot;animation&quot;:&quot;fadeInUp&quot;}\">\n\t\t\t<div class=\"elementor-widget-wrap elementor-element-populated\">\n\t\t\t\t\t\t<section class=\"elementor-section elementor-inner-section elementor-element elementor-element-2935e3fe elementor-section-boxed elementor-section-height-default elementor-section-height-default\" data-id=\"2935e3fe\" data-element_type=\"section\">\n\t\t\t\t\t\t<div class=\"elementor-container elementor-column-gap-default\">\n\t\t\t\t\t<div class=\"elementor-column elementor-col-33 elementor-inner-column elementor-element elementor-element-44857dae\" data-id=\"44857dae\" data-element_type=\"column\" data-settings=\"{&quot;background_background&quot;:&quot;classic&quot;}\">\n\t\t\t<div class=\"elementor-widget-wrap elementor-element-populated\">\n\t\t\t\t\t\t<div class=\"elementor-element elementor-element-cf0967d elementor-widget elementor-widget-image\" data-id=\"cf0967d\" data-element_type=\"widget\" data-widget_type=\"image.default\">\n\t\t\t\t<div class=\"elementor-widget-container\">\n\t\t\t\t\t\t\t\t\t\t\t\t\t\t\t<img decoding=\"async\" width=\"1000\" height=\"1000\" src=\"https:\/\/pp11wpolicach.pl\/wp-content\/uploads\/2021\/10\/kadra2-1.png\" class=\"attachment-large size-large wp-image-80\" alt=\"\" srcset=\"https:\/\/pp11wpolicach.pl\/wp-content\/uploads\/2021\/10\/kadra2-1.png 1000w, https:\/\/pp11wpolicach.pl\/wp-content\/uploads\/2021\/10\/kadra2-1-300x300.png 300w, https:\/\/pp11wpolicach.pl\/wp-content\/uploads\/2021\/10\/kadra2-1-150x150.png 150w, https:\/\/pp11wpolicach.pl\/wp-content\/uploads\/2021\/10\/kadra2-1-768x768.png 768w\" sizes=\"(max-width: 1000px) 100vw, 1000px\" \/>\t\t\t\t\t\t\t\t\t\t\t\t\t\t\t<\/div>\n\t\t\t\t<\/div>\n\t\t\t\t<div class=\"elementor-element elementor-element-43ecd9a elementor-align-center elementor-widget elementor-widget-button\" data-id=\"43ecd9a\" data-element_type=\"widget\" data-widget_type=\"button.default\">\n\t\t\t\t<div class=\"elementor-widget-container\">\n\t\t\t\t\t\t\t\t\t<div class=\"elementor-button-wrapper\">\n\t\t\t\t\t<a class=\"elementor-button elementor-button-link elementor-size-lg\" href=\"http:\/\/pp11wpolicach.pl\/?page_id=9(otworzy%20si\u0119%20w%20nowej%20zak\u0142adce)\">\n\t\t\t\t\t\t<span class=\"elementor-button-content-wrapper\">\n\t\t\t\t\t\t\t\t\t<span class=\"elementor-button-text\">KADRa<\/span>\n\t\t\t\t\t<\/span>\n\t\t\t\t\t<\/a>\n\t\t\t\t<\/div>\n\t\t\t\t\t\t\t\t<\/div>\n\t\t\t\t<\/div>\n\t\t\t\t\t<\/div>\n\t\t<\/div>\n\t\t\t\t<div class=\"elementor-column elementor-col-33 elementor-inner-column elementor-element elementor-element-5d6552c2\" data-id=\"5d6552c2\" data-element_type=\"column\" data-settings=\"{&quot;background_background&quot;:&quot;classic&quot;}\">\n\t\t\t<div class=\"elementor-widget-wrap elementor-element-populated\">\n\t\t\t\t\t\t<div class=\"elementor-element elementor-element-16efa79 elementor-widget elementor-widget-image\" data-id=\"16efa79\" data-element_type=\"widget\" data-widget_type=\"image.default\">\n\t\t\t\t<div class=\"elementor-widget-container\">\n\t\t\t\t\t\t\t\t\t\t\t\t\t\t\t<img decoding=\"async\" width=\"1000\" height=\"1000\" src=\"https:\/\/pp11wpolicach.pl\/wp-content\/uploads\/2021\/10\/ofrta.png\" class=\"attachment-large size-large wp-image-84\" alt=\"\" srcset=\"https:\/\/pp11wpolicach.pl\/wp-content\/uploads\/2021\/10\/ofrta.png 1000w, https:\/\/pp11wpolicach.pl\/wp-content\/uploads\/2021\/10\/ofrta-300x300.png 300w, https:\/\/pp11wpolicach.pl\/wp-content\/uploads\/2021\/10\/ofrta-150x150.png 150w, https:\/\/pp11wpolicach.pl\/wp-content\/uploads\/2021\/10\/ofrta-768x768.png 768w\" sizes=\"(max-width: 1000px) 100vw, 1000px\" \/>\t\t\t\t\t\t\t\t\t\t\t\t\t\t\t<\/div>\n\t\t\t\t<\/div>\n\t\t\t\t<div class=\"elementor-element elementor-element-dba75d5 elementor-align-center elementor-widget elementor-widget-button\" data-id=\"dba75d5\" data-element_type=\"widget\" data-widget_type=\"button.default\">\n\t\t\t\t<div class=\"elementor-widget-container\">\n\t\t\t\t\t\t\t\t\t<div class=\"elementor-button-wrapper\">\n\t\t\t\t\t<a class=\"elementor-button elementor-button-link elementor-size-lg\" href=\"http:\/\/pp11wpolicach.pl\/?page_id=21(otworzy%20si\u0119%20w%20nowej%20zak\u0142adce)\">\n\t\t\t\t\t\t<span class=\"elementor-button-content-wrapper\">\n\t\t\t\t\t\t\t\t\t<span class=\"elementor-button-text\">metody<\/span>\n\t\t\t\t\t<\/span>\n\t\t\t\t\t<\/a>\n\t\t\t\t<\/div>\n\t\t\t\t\t\t\t\t<\/div>\n\t\t\t\t<\/div>\n\t\t\t\t\t<\/div>\n\t\t<\/div>\n\t\t\t\t<div class=\"elementor-column elementor-col-33 elementor-inner-column elementor-element elementor-element-4a00bad5\" data-id=\"4a00bad5\" data-element_type=\"column\" data-settings=\"{&quot;background_background&quot;:&quot;classic&quot;}\">\n\t\t\t<div class=\"elementor-widget-wrap elementor-element-populated\">\n\t\t\t\t\t\t<div class=\"elementor-element elementor-element-aa93c0e elementor-widget elementor-widget-image\" data-id=\"aa93c0e\" data-element_type=\"widget\" data-widget_type=\"image.default\">\n\t\t\t\t<div class=\"elementor-widget-container\">\n\t\t\t\t\t\t\t\t\t\t\t\t\t\t\t<img loading=\"lazy\" decoding=\"async\" width=\"1000\" height=\"1000\" src=\"https:\/\/pp11wpolicach.pl\/wp-content\/uploads\/2021\/10\/dzieci.png\" class=\"attachment-large size-large wp-image-85\" alt=\"\" srcset=\"https:\/\/pp11wpolicach.pl\/wp-content\/uploads\/2021\/10\/dzieci.png 1000w, https:\/\/pp11wpolicach.pl\/wp-content\/uploads\/2021\/10\/dzieci-300x300.png 300w, https:\/\/pp11wpolicach.pl\/wp-content\/uploads\/2021\/10\/dzieci-150x150.png 150w, https:\/\/pp11wpolicach.pl\/wp-content\/uploads\/2021\/10\/dzieci-768x768.png 768w\" sizes=\"(max-width: 1000px) 100vw, 1000px\" \/>\t\t\t\t\t\t\t\t\t\t\t\t\t\t\t<\/div>\n\t\t\t\t<\/div>\n\t\t\t\t<div class=\"elementor-element elementor-element-5790a8d elementor-align-center elementor-widget elementor-widget-button\" data-id=\"5790a8d\" data-element_type=\"widget\" data-widget_type=\"button.default\">\n\t\t\t\t<div class=\"elementor-widget-container\">\n\t\t\t\t\t\t\t\t\t<div class=\"elementor-button-wrapper\">\n\t\t\t\t\t<a class=\"elementor-button elementor-button-link elementor-size-lg\" href=\"http:\/\/pp11wpolicach.pl\/?page_id=17(otworzy%20si\u0119%20w%20nowej%20zak\u0142adce)\">\n\t\t\t\t\t\t<span class=\"elementor-button-content-wrapper\">\n\t\t\t\t\t\t\t\t\t<span class=\"elementor-button-text\">jak pracujemy<\/span>\n\t\t\t\t\t<\/span>\n\t\t\t\t\t<\/a>\n\t\t\t\t<\/div>\n\t\t\t\t\t\t\t\t<\/div>\n\t\t\t\t<\/div>\n\t\t\t\t\t<\/div>\n\t\t<\/div>\n\t\t\t\t\t<\/div>\n\t\t<\/section>\n\t\t\t\t<div class=\"elementor-element elementor-element-6ac52e0 elementor-widget elementor-widget-spacer\" data-id=\"6ac52e0\" data-element_type=\"widget\" data-widget_type=\"spacer.default\">\n\t\t\t\t<div class=\"elementor-widget-container\">\n\t\t\t\t\t\t\t<div class=\"elementor-spacer\">\n\t\t\t<div class=\"elementor-spacer-inner\"><\/div>\n\t\t<\/div>\n\t\t\t\t\t\t<\/div>\n\t\t\t\t<\/div>\n\t\t\t\t<section class=\"elementor-section elementor-inner-section elementor-element elementor-element-d123605 elementor-section-boxed elementor-section-height-default elementor-section-height-default\" data-id=\"d123605\" data-element_type=\"section\">\n\t\t\t\t\t\t<div class=\"elementor-container elementor-column-gap-default\">\n\t\t\t\t\t<div class=\"elementor-column elementor-col-25 elementor-inner-column elementor-element elementor-element-eb40a38\" data-id=\"eb40a38\" data-element_type=\"column\">\n\t\t\t<div class=\"elementor-widget-wrap elementor-element-populated\">\n\t\t\t\t\t\t<div class=\"elementor-element elementor-element-29c6678 elementor-widget elementor-widget-heading\" data-id=\"29c6678\" data-element_type=\"widget\" data-widget_type=\"heading.default\">\n\t\t\t\t<div class=\"elementor-widget-container\">\n\t\t\t\t\t<h2 class=\"elementor-heading-title elementor-size-default\"><a href=\"http:\/\/pp11wpolicach.pl\/wp-content\/uploads\/2021\/10\/echo_11_2020_2021.pdf\">\"Biuletyn \"Echo 11\"<\/a><\/h2>\t\t\t\t<\/div>\n\t\t\t\t<\/div>\n\t\t\t\t<div class=\"elementor-element elementor-element-03fca4e elementor-widget elementor-widget-image\" data-id=\"03fca4e\" data-element_type=\"widget\" data-widget_type=\"image.default\">\n\t\t\t\t<div class=\"elementor-widget-container\">\n\t\t\t\t\t\t\t\t\t\t\t\t\t\t\t\t<a href=\"http:\/\/pp11wpolicach.pl\/wp-content\/uploads\/2021\/10\/echo_11_2020_2021.pdf\">\n\t\t\t\t\t\t\t<img loading=\"lazy\" decoding=\"async\" width=\"1000\" height=\"1000\" src=\"https:\/\/pp11wpolicach.pl\/wp-content\/uploads\/2021\/10\/11.png\" class=\"attachment-large size-large wp-image-98\" alt=\"\" srcset=\"https:\/\/pp11wpolicach.pl\/wp-content\/uploads\/2021\/10\/11.png 1000w, https:\/\/pp11wpolicach.pl\/wp-content\/uploads\/2021\/10\/11-300x300.png 300w, https:\/\/pp11wpolicach.pl\/wp-content\/uploads\/2021\/10\/11-150x150.png 150w, https:\/\/pp11wpolicach.pl\/wp-content\/uploads\/2021\/10\/11-768x768.png 768w\" sizes=\"(max-width: 1000px) 100vw, 1000px\" \/>\t\t\t\t\t\t\t\t<\/a>\n\t\t\t\t\t\t\t\t\t\t\t\t\t\t\t<\/div>\n\t\t\t\t<\/div>\n\t\t\t\t\t<\/div>\n\t\t<\/div>\n\t\t\t\t<div class=\"elementor-column elementor-col-25 elementor-inner-column elementor-element elementor-element-5ab0662\" data-id=\"5ab0662\" data-element_type=\"column\">\n\t\t\t<div class=\"elementor-widget-wrap elementor-element-populated\">\n\t\t\t\t\t\t<div class=\"elementor-element elementor-element-75222ed elementor-widget elementor-widget-heading\" data-id=\"75222ed\" data-element_type=\"widget\" data-widget_type=\"heading.default\">\n\t\t\t\t<div class=\"elementor-widget-container\">\n\t\t\t\t\t<h2 class=\"elementor-heading-title elementor-size-default\"><a href=\"http:\/\/pp11wpolicach.pl\/?page_id=21(otworzy%20si\u0119%20w%20nowej%20zak\u0142adce)\">Metody pracy<\/a><\/h2>\t\t\t\t<\/div>\n\t\t\t\t<\/div>\n\t\t\t\t<div class=\"elementor-element elementor-element-59da1ce elementor-widget elementor-widget-image\" data-id=\"59da1ce\" data-element_type=\"widget\" data-widget_type=\"image.default\">\n\t\t\t\t<div class=\"elementor-widget-container\">\n\t\t\t\t\t\t\t\t\t\t\t\t\t\t\t\t<a href=\"http:\/\/pp11wpolicach.pl\/?page_id=21(otworzy%20si\u0119%20w%20nowej%20zak\u0142adce)\">\n\t\t\t\t\t\t\t<img loading=\"lazy\" decoding=\"async\" width=\"1000\" height=\"1000\" src=\"https:\/\/pp11wpolicach.pl\/wp-content\/uploads\/2021\/10\/dzieci3.png\" class=\"attachment-large size-large wp-image-99\" alt=\"\" srcset=\"https:\/\/pp11wpolicach.pl\/wp-content\/uploads\/2021\/10\/dzieci3.png 1000w, https:\/\/pp11wpolicach.pl\/wp-content\/uploads\/2021\/10\/dzieci3-300x300.png 300w, https:\/\/pp11wpolicach.pl\/wp-content\/uploads\/2021\/10\/dzieci3-150x150.png 150w, https:\/\/pp11wpolicach.pl\/wp-content\/uploads\/2021\/10\/dzieci3-768x768.png 768w\" sizes=\"(max-width: 1000px) 100vw, 1000px\" \/>\t\t\t\t\t\t\t\t<\/a>\n\t\t\t\t\t\t\t\t\t\t\t\t\t\t\t<\/div>\n\t\t\t\t<\/div>\n\t\t\t\t\t<\/div>\n\t\t<\/div>\n\t\t\t\t<div class=\"elementor-column elementor-col-25 elementor-inner-column elementor-element elementor-element-fec9625\" data-id=\"fec9625\" data-element_type=\"column\">\n\t\t\t<div class=\"elementor-widget-wrap elementor-element-populated\">\n\t\t\t\t\t\t<div class=\"elementor-element elementor-element-a02b57f elementor-widget elementor-widget-heading\" data-id=\"a02b57f\" data-element_type=\"widget\" data-widget_type=\"heading.default\">\n\t\t\t\t<div class=\"elementor-widget-container\">\n\t\t\t\t\t<h2 class=\"elementor-heading-title elementor-size-default\"><a href=\"http:\/\/pp11wpolicach.pl\/?page_id=29(otworzy%20si\u0119%20w%20nowej%20zak\u0142adce)\">Zaj\u0119cia<\/a><\/h2>\t\t\t\t<\/div>\n\t\t\t\t<\/div>\n\t\t\t\t<div class=\"elementor-element elementor-element-3c50f41 elementor-widget elementor-widget-image\" data-id=\"3c50f41\" data-element_type=\"widget\" data-widget_type=\"image.default\">\n\t\t\t\t<div class=\"elementor-widget-container\">\n\t\t\t\t\t\t\t\t\t\t\t\t\t\t\t\t<a href=\"http:\/\/pp11wpolicach.pl\/?page_id=29(otworzy%20si\u0119%20w%20nowej%20zak\u0142adce)\">\n\t\t\t\t\t\t\t<img loading=\"lazy\" decoding=\"async\" width=\"1000\" height=\"1000\" src=\"https:\/\/pp11wpolicach.pl\/wp-content\/uploads\/2021\/10\/dzieci4.png\" class=\"attachment-large size-large wp-image-100\" alt=\"\" srcset=\"https:\/\/pp11wpolicach.pl\/wp-content\/uploads\/2021\/10\/dzieci4.png 1000w, https:\/\/pp11wpolicach.pl\/wp-content\/uploads\/2021\/10\/dzieci4-300x300.png 300w, https:\/\/pp11wpolicach.pl\/wp-content\/uploads\/2021\/10\/dzieci4-150x150.png 150w, https:\/\/pp11wpolicach.pl\/wp-content\/uploads\/2021\/10\/dzieci4-768x768.png 768w\" sizes=\"(max-width: 1000px) 100vw, 1000px\" \/>\t\t\t\t\t\t\t\t<\/a>\n\t\t\t\t\t\t\t\t\t\t\t\t\t\t\t<\/div>\n\t\t\t\t<\/div>\n\t\t\t\t\t<\/div>\n\t\t<\/div>\n\t\t\t\t<div class=\"elementor-column elementor-col-25 elementor-inner-column elementor-element elementor-element-66897ab\" data-id=\"66897ab\" data-element_type=\"column\">\n\t\t\t<div class=\"elementor-widget-wrap elementor-element-populated\">\n\t\t\t\t\t\t<div class=\"elementor-element elementor-element-73ed7c0 elementor-widget elementor-widget-heading\" data-id=\"73ed7c0\" data-element_type=\"widget\" data-widget_type=\"heading.default\">\n\t\t\t\t<div class=\"elementor-widget-container\">\n\t\t\t\t\t<h2 class=\"elementor-heading-title elementor-size-default\"><a href=\"http:\/\/pp11wpolicach.pl\/?page_id=17\">Co nas wyr\u00f3\u017cnia<\/a><\/h2>\t\t\t\t<\/div>\n\t\t\t\t<\/div>\n\t\t\t\t<div class=\"elementor-element elementor-element-2bee43c elementor-widget elementor-widget-image\" data-id=\"2bee43c\" data-element_type=\"widget\" data-widget_type=\"image.default\">\n\t\t\t\t<div class=\"elementor-widget-container\">\n\t\t\t\t\t\t\t\t\t\t\t\t\t\t\t\t<a href=\"http:\/\/pp11wpolicach.pl\/?page_id=17\">\n\t\t\t\t\t\t\t<img loading=\"lazy\" decoding=\"async\" width=\"1000\" height=\"1000\" src=\"https:\/\/pp11wpolicach.pl\/wp-content\/uploads\/2021\/10\/las.png\" class=\"attachment-large size-large wp-image-101\" alt=\"\" srcset=\"https:\/\/pp11wpolicach.pl\/wp-content\/uploads\/2021\/10\/las.png 1000w, https:\/\/pp11wpolicach.pl\/wp-content\/uploads\/2021\/10\/las-300x300.png 300w, https:\/\/pp11wpolicach.pl\/wp-content\/uploads\/2021\/10\/las-150x150.png 150w, https:\/\/pp11wpolicach.pl\/wp-content\/uploads\/2021\/10\/las-768x768.png 768w\" sizes=\"(max-width: 1000px) 100vw, 1000px\" \/>\t\t\t\t\t\t\t\t<\/a>\n\t\t\t\t\t\t\t\t\t\t\t\t\t\t\t<\/div>\n\t\t\t\t<\/div>\n\t\t\t\t\t<\/div>\n\t\t<\/div>\n\t\t\t\t\t<\/div>\n\t\t<\/section>\n\t\t\t\t\t<\/div>\n\t\t<\/div>\n\t\t\t\t\t<\/div>\n\t\t<\/section>\n\t\t\t\t<section class=\"elementor-section elementor-top-section elementor-element elementor-element-7ac927bc elementor-section-boxed elementor-section-height-default elementor-section-height-default\" data-id=\"7ac927bc\" data-element_type=\"section\">\n\t\t\t\t\t\t<div class=\"elementor-container elementor-column-gap-wider\">\n\t\t\t\t\t<div class=\"elementor-column elementor-col-50 elementor-top-column elementor-element elementor-element-78f59593 elementor-invisible\" data-id=\"78f59593\" data-element_type=\"column\" data-settings=\"{&quot;animation&quot;:&quot;fadeInUp&quot;}\">\n\t\t\t<div class=\"elementor-widget-wrap elementor-element-populated\">\n\t\t\t\t\t\t<div class=\"elementor-element elementor-element-29ddf9fd elementor-widget elementor-widget-heading\" data-id=\"29ddf9fd\" data-element_type=\"widget\" data-widget_type=\"heading.default\">\n\t\t\t\t<div class=\"elementor-widget-container\">\n\t\t\t\t\t<h3 class=\"elementor-heading-title elementor-size-default\">O NAS...<\/h3>\t\t\t\t<\/div>\n\t\t\t\t<\/div>\n\t\t\t\t<div class=\"elementor-element elementor-element-59601efd elementor-widget elementor-widget-heading\" data-id=\"59601efd\" data-element_type=\"widget\" data-widget_type=\"heading.default\">\n\t\t\t\t<div class=\"elementor-widget-container\">\n\t\t\t\t\t<h2 class=\"elementor-heading-title elementor-size-default\">Mi\u0142o nam jest powita\u0107 wszystkich odwiedzaj\u0105cych.<\/h2>\t\t\t\t<\/div>\n\t\t\t\t<\/div>\n\t\t\t\t<div class=\"elementor-element elementor-element-4a27e8b2 elementor-widget elementor-widget-text-editor\" data-id=\"4a27e8b2\" data-element_type=\"widget\" data-widget_type=\"text-editor.default\">\n\t\t\t\t<div class=\"elementor-widget-container\">\n\t\t\t\t\t\t\t\t\t<p>Jeste\u015bmy jednym z wi\u0119kszych przedszkoli w Policach.<\/p><p>Mamy grupy dla dzieci m\u0142odszych i starszych, grupy integracyjne, w razie potrzeby &#8211; grupy specjalne.\u00a0<\/p><p>Mie\u015bcimy si\u0119 w dw\u00f3ch budynkach:<\/p><ul><li>Budynek \u201eA\u201d macierzysty &#8211; przy ul. Przyja\u017ani 1 \u2013 dla dzieci m\u0142odszych\u00a0<\/li><li>Budynek \u201eB\u201d zamiejscowy \u2013 przy ul. Przyja\u017ani 33 \u2013 dla dzieci starszych\u00a0<\/li><li>Oba budynki s\u0105 oddalone od siebie o zaledwie kilka krok\u00f3w.<\/li><li>\u00a0Przyjmujemy r\u00f3wnie\u017c dzieci 2,5 letnie.<\/li><li>Sekretariat g\u0142\u00f3wny, w kt\u00f3rym za\u0142atwicie Pa\u0144stwo wszystkie wa\u017cne sprawy, mie\u015bci si\u0119 w budynku &#8222;A&#8221; przy ul. Przyja\u017ani 1.<\/li><\/ul><p>Wa\u017cnym atutem naszego przedszkola jest blisko\u015b\u0107 lasu. Dlatego korzystamy z jego walor\u00f3w organizuj\u0105c piesze wycieczki pod has\u0142em \u201ePrzedszkole ma wychodne\u201d &#8211; czyli rajdy piesze po Puszczy Wkrza\u0144skiej.<\/p><p>W codziennej pracy stawiamy na pozytywne emocje, aktywne umiej\u0119tno\u015bci spo\u0142eczne, dzia\u0142anie przez do\u015bwiadczanie, nabywanie sprawno\u015bci dnia codziennego.<\/p><p>Wierzymy, \u017ce praca w przyjaznym \u015brodowisku przyczynia si\u0119 do lepszego rozwoju dziecka, wi\u0119c dbamy o przyjazn\u0105 atmosfer\u0119 wok\u00f3\u0142 nas.<\/p><p>Je\u015bli zostaniesz \u201eNaszym Rodzicem\u201d &#8211; liczymy na otwarty kontakt i dobr\u0105 wsp\u00f3\u0142prac\u0119. Zapraszamy!<\/p>\t\t\t\t\t\t\t\t<\/div>\n\t\t\t\t<\/div>\n\t\t\t\t<section class=\"elementor-section elementor-inner-section elementor-element elementor-element-34424531 elementor-section-boxed elementor-section-height-default elementor-section-height-default\" data-id=\"34424531\" data-element_type=\"section\">\n\t\t\t\t\t\t<div class=\"elementor-container elementor-column-gap-default\">\n\t\t\t\t\t<div class=\"elementor-column elementor-col-50 elementor-inner-column elementor-element elementor-element-7b2a2307\" data-id=\"7b2a2307\" data-element_type=\"column\">\n\t\t\t<div class=\"elementor-widget-wrap elementor-element-populated\">\n\t\t\t\t\t\t<div class=\"elementor-element elementor-element-7ee38eaf elementor-widget elementor-widget-image\" data-id=\"7ee38eaf\" data-element_type=\"widget\" data-widget_type=\"image.default\">\n\t\t\t\t<div class=\"elementor-widget-container\">\n\t\t\t\t\t\t\t\t\t\t\t\t\t\t\t<img loading=\"lazy\" decoding=\"async\" width=\"187\" height=\"56\" src=\"https:\/\/pp11wpolicach.pl\/wp-content\/uploads\/2021\/10\/podpis1.png\" class=\"attachment-medium_large size-medium_large wp-image-160\" alt=\"\" \/>\t\t\t\t\t\t\t\t\t\t\t\t\t\t\t<\/div>\n\t\t\t\t<\/div>\n\t\t\t\t\t<\/div>\n\t\t<\/div>\n\t\t\t\t<div class=\"elementor-column elementor-col-50 elementor-inner-column elementor-element elementor-element-2d840b1a\" data-id=\"2d840b1a\" data-element_type=\"column\">\n\t\t\t<div class=\"elementor-widget-wrap elementor-element-populated\">\n\t\t\t\t\t\t<div class=\"elementor-element elementor-element-201196dd elementor-widget elementor-widget-heading\" data-id=\"201196dd\" data-element_type=\"widget\" data-widget_type=\"heading.default\">\n\t\t\t\t<div class=\"elementor-widget-container\">\n\t\t\t\t\t<h2 class=\"elementor-heading-title elementor-size-default\">Katarzyna Wr\u00f3bel<\/h2>\t\t\t\t<\/div>\n\t\t\t\t<\/div>\n\t\t\t\t<div class=\"elementor-element elementor-element-45f605e8 elementor-widget elementor-widget-heading\" data-id=\"45f605e8\" data-element_type=\"widget\" data-widget_type=\"heading.default\">\n\t\t\t\t<div class=\"elementor-widget-container\">\n\t\t\t\t\t<h4 class=\"elementor-heading-title elementor-size-default\">Dyrektor Przedszkola<\/h4>\t\t\t\t<\/div>\n\t\t\t\t<\/div>\n\t\t\t\t\t<\/div>\n\t\t<\/div>\n\t\t\t\t\t<\/div>\n\t\t<\/section>\n\t\t\t\t\t<\/div>\n\t\t<\/div>\n\t\t\t\t<div class=\"elementor-column elementor-col-50 elementor-top-column elementor-element elementor-element-1be0bc8a elementor-invisible\" data-id=\"1be0bc8a\" data-element_type=\"column\" data-settings=\"{&quot;animation&quot;:&quot;fadeInUp&quot;}\">\n\t\t\t<div class=\"elementor-widget-wrap elementor-element-populated\">\n\t\t\t\t\t\t<div class=\"elementor-element elementor-element-4decb575 elementor-widget elementor-widget-heading\" data-id=\"4decb575\" data-element_type=\"widget\" data-widget_type=\"heading.default\">\n\t\t\t\t<div class=\"elementor-widget-container\">\n\t\t\t\t\t<h2 class=\"elementor-heading-title elementor-size-default\">Budynek A<\/h2>\t\t\t\t<\/div>\n\t\t\t\t<\/div>\n\t\t\t\t<div class=\"elementor-element elementor-element-ed3216d elementor-widget elementor-widget-heading\" data-id=\"ed3216d\" data-element_type=\"widget\" data-widget_type=\"heading.default\">\n\t\t\t\t<div class=\"elementor-widget-container\">\n\t\t\t\t\t<h2 class=\"elementor-heading-title elementor-size-default\">ul. Przyja\u017ani 1<\/h2>\t\t\t\t<\/div>\n\t\t\t\t<\/div>\n\t\t\t\t<div class=\"elementor-element elementor-element-a7a8ff3 elementor-widget elementor-widget-image\" data-id=\"a7a8ff3\" data-element_type=\"widget\" data-widget_type=\"image.default\">\n\t\t\t\t<div class=\"elementor-widget-container\">\n\t\t\t\t\t\t\t\t\t\t\t\t\t\t\t<img loading=\"lazy\" decoding=\"async\" width=\"768\" height=\"761\" src=\"https:\/\/pp11wpolicach.pl\/wp-content\/uploads\/2021\/10\/1633199344859-1-1-768x761.jpg\" class=\"attachment-medium_large size-medium_large wp-image-164\" alt=\"\" srcset=\"https:\/\/pp11wpolicach.pl\/wp-content\/uploads\/2021\/10\/1633199344859-1-1-768x761.jpg 768w, https:\/\/pp11wpolicach.pl\/wp-content\/uploads\/2021\/10\/1633199344859-1-1-300x297.jpg 300w, https:\/\/pp11wpolicach.pl\/wp-content\/uploads\/2021\/10\/1633199344859-1-1-1024x1014.jpg 1024w, https:\/\/pp11wpolicach.pl\/wp-content\/uploads\/2021\/10\/1633199344859-1-1-150x150.jpg 150w, https:\/\/pp11wpolicach.pl\/wp-content\/uploads\/2021\/10\/1633199344859-1-1-1536x1521.jpg 1536w, https:\/\/pp11wpolicach.pl\/wp-content\/uploads\/2021\/10\/1633199344859-1-1.jpg 1777w\" sizes=\"(max-width: 768px) 100vw, 768px\" \/>\t\t\t\t\t\t\t\t\t\t\t\t\t\t\t<\/div>\n\t\t\t\t<\/div>\n\t\t\t\t<div class=\"elementor-element elementor-element-357fa32 elementor-widget elementor-widget-heading\" data-id=\"357fa32\" data-element_type=\"widget\" data-widget_type=\"heading.default\">\n\t\t\t\t<div class=\"elementor-widget-container\">\n\t\t\t\t\t<h2 class=\"elementor-heading-title elementor-size-default\">Budynek B<\/h2>\t\t\t\t<\/div>\n\t\t\t\t<\/div>\n\t\t\t\t<div class=\"elementor-element elementor-element-989c165 elementor-widget elementor-widget-heading\" data-id=\"989c165\" data-element_type=\"widget\" data-widget_type=\"heading.default\">\n\t\t\t\t<div class=\"elementor-widget-container\">\n\t\t\t\t\t<h2 class=\"elementor-heading-title elementor-size-default\">ul. Przyja\u017ani 33<\/h2>\t\t\t\t<\/div>\n\t\t\t\t<\/div>\n\t\t\t\t<div class=\"elementor-element elementor-element-a1833cc elementor-widget elementor-widget-image\" data-id=\"a1833cc\" data-element_type=\"widget\" data-widget_type=\"image.default\">\n\t\t\t\t<div class=\"elementor-widget-container\">\n\t\t\t\t\t\t\t\t\t\t\t\t\t\t\t<img loading=\"lazy\" decoding=\"async\" width=\"768\" height=\"768\" src=\"https:\/\/pp11wpolicach.pl\/wp-content\/uploads\/2021\/10\/IMG_20211001_115540-768x768.jpg\" class=\"attachment-medium_large size-medium_large wp-image-165\" alt=\"\" srcset=\"https:\/\/pp11wpolicach.pl\/wp-content\/uploads\/2021\/10\/IMG_20211001_115540-768x768.jpg 768w, https:\/\/pp11wpolicach.pl\/wp-content\/uploads\/2021\/10\/IMG_20211001_115540-300x300.jpg 300w, https:\/\/pp11wpolicach.pl\/wp-content\/uploads\/2021\/10\/IMG_20211001_115540-1024x1024.jpg 1024w, https:\/\/pp11wpolicach.pl\/wp-content\/uploads\/2021\/10\/IMG_20211001_115540-150x150.jpg 150w, https:\/\/pp11wpolicach.pl\/wp-content\/uploads\/2021\/10\/IMG_20211001_115540-1536x1536.jpg 1536w, https:\/\/pp11wpolicach.pl\/wp-content\/uploads\/2021\/10\/IMG_20211001_115540-2048x2048.jpg 2048w\" sizes=\"(max-width: 768px) 100vw, 768px\" \/>\t\t\t\t\t\t\t\t\t\t\t\t\t\t\t<\/div>\n\t\t\t\t<\/div>\n\t\t\t\t\t<\/div>\n\t\t<\/div>\n\t\t\t\t\t<\/div>\n\t\t<\/section>\n\t\t\t\t<section class=\"elementor-section elementor-top-section elementor-element elementor-element-629523b9 elementor-section-boxed elementor-section-height-default elementor-section-height-default\" data-id=\"629523b9\" data-element_type=\"section\">\n\t\t\t\t\t\t<div class=\"elementor-container elementor-column-gap-default\">\n\t\t\t\t\t<div class=\"elementor-column elementor-col-100 elementor-top-column elementor-element elementor-element-4fac68c1\" data-id=\"4fac68c1\" data-element_type=\"column\" data-settings=\"{&quot;background_background&quot;:&quot;classic&quot;}\">\n\t\t\t<div class=\"elementor-widget-wrap elementor-element-populated\">\n\t\t\t\t\t\t<div class=\"elementor-element elementor-element-102edd44 elementor-invisible elementor-widget elementor-widget-heading\" data-id=\"102edd44\" data-element_type=\"widget\" data-settings=\"{&quot;_animation&quot;:&quot;fadeInUp&quot;}\" data-widget_type=\"heading.default\">\n\t\t\t\t<div class=\"elementor-widget-container\">\n\t\t\t\t\t<h2 class=\"elementor-heading-title elementor-size-default\">Nasze Przedszkole<\/h2>\t\t\t\t<\/div>\n\t\t\t\t<\/div>\n\t\t\t\t<div class=\"elementor-element elementor-element-23a3b06e elementor-invisible elementor-widget elementor-widget-heading\" data-id=\"23a3b06e\" data-element_type=\"widget\" data-settings=\"{&quot;_animation&quot;:&quot;fadeInUp&quot;}\" data-widget_type=\"heading.default\">\n\t\t\t\t<div class=\"elementor-widget-container\">\n\t\t\t\t\t<h3 class=\"elementor-heading-title elementor-size-default\">W OBIEKTYWIE<\/h3>\t\t\t\t<\/div>\n\t\t\t\t<\/div>\n\t\t\t\t<section class=\"elementor-section elementor-inner-section elementor-element elementor-element-89c268 elementor-section-boxed elementor-section-height-default elementor-section-height-default\" data-id=\"89c268\" data-element_type=\"section\">\n\t\t\t\t\t\t<div class=\"elementor-container elementor-column-gap-wider\">\n\t\t\t\t\t<div class=\"elementor-column elementor-col-33 elementor-inner-column elementor-element elementor-element-780b32ab\" data-id=\"780b32ab\" data-element_type=\"column\">\n\t\t\t<div class=\"elementor-widget-wrap elementor-element-populated\">\n\t\t\t\t\t\t<div class=\"elementor-element elementor-element-716f1128 elementor-invisible elementor-widget elementor-widget-image\" data-id=\"716f1128\" data-element_type=\"widget\" data-settings=\"{&quot;_animation&quot;:&quot;fadeInLeft&quot;}\" data-widget_type=\"image.default\">\n\t\t\t\t<div class=\"elementor-widget-container\">\n\t\t\t\t\t\t\t\t\t\t\t\t<figure class=\"wp-caption\">\n\t\t\t\t\t\t\t\t\t\t<img decoding=\"async\" src=\"https:\/\/pp11wpolicach.pl\/wp-content\/uploads\/elementor\/thumbs\/hol_wejsciowy_1-r1xgwve90krk2pztybohg0i3un0m4tzszz50wsld4c.jpeg\" title=\"hol_wejsciowy_1\" alt=\"hol_wejsciowy_1\" loading=\"lazy\" \/>\t\t\t\t\t\t\t\t\t\t\t<figcaption class=\"widget-image-caption wp-caption-text\">Wej\u015bcie do przedszkola<\/figcaption>\n\t\t\t\t\t\t\t\t\t\t<\/figure>\n\t\t\t\t\t\t\t\t\t<\/div>\n\t\t\t\t<\/div>\n\t\t\t\t\t<\/div>\n\t\t<\/div>\n\t\t\t\t<div class=\"elementor-column elementor-col-33 elementor-inner-column elementor-element elementor-element-5b13bb28\" data-id=\"5b13bb28\" data-element_type=\"column\">\n\t\t\t<div class=\"elementor-widget-wrap elementor-element-populated\">\n\t\t\t\t\t\t<div class=\"elementor-element elementor-element-69342864 elementor-invisible elementor-widget elementor-widget-image\" data-id=\"69342864\" data-element_type=\"widget\" data-settings=\"{&quot;_animation&quot;:&quot;fadeInLeft&quot;}\" data-widget_type=\"image.default\">\n\t\t\t\t<div class=\"elementor-widget-container\">\n\t\t\t\t\t\t\t\t\t\t\t\t<figure class=\"wp-caption\">\n\t\t\t\t\t\t\t\t\t\t<img decoding=\"async\" src=\"https:\/\/pp11wpolicach.pl\/wp-content\/uploads\/elementor\/thumbs\/sala_zabaw_5-r1xgy1ozk4dgl6ae3byp27tukz84r7nq5shvi8uncc.jpg\" title=\"sala_zabaw_5\" alt=\"sala_zabaw_5\" loading=\"lazy\" \/>\t\t\t\t\t\t\t\t\t\t\t<figcaption class=\"widget-image-caption wp-caption-text\">Sala zabaw<\/figcaption>\n\t\t\t\t\t\t\t\t\t\t<\/figure>\n\t\t\t\t\t\t\t\t\t<\/div>\n\t\t\t\t<\/div>\n\t\t\t\t\t<\/div>\n\t\t<\/div>\n\t\t\t\t<div class=\"elementor-column elementor-col-33 elementor-inner-column elementor-element elementor-element-205f1b29\" data-id=\"205f1b29\" data-element_type=\"column\">\n\t\t\t<div class=\"elementor-widget-wrap elementor-element-populated\">\n\t\t\t\t\t\t<div class=\"elementor-element elementor-element-a298bc elementor-invisible elementor-widget elementor-widget-image\" data-id=\"a298bc\" data-element_type=\"widget\" data-settings=\"{&quot;_animation&quot;:&quot;fadeInLeft&quot;}\" data-widget_type=\"image.default\">\n\t\t\t\t<div class=\"elementor-widget-container\">\n\t\t\t\t\t\t\t\t\t\t\t\t<figure class=\"wp-caption\">\n\t\t\t\t\t\t\t\t\t\t<img decoding=\"async\" src=\"https:\/\/pp11wpolicach.pl\/wp-content\/uploads\/elementor\/thumbs\/IMG_20210929_124127-pepq2dghi2k8uvm9poh7agkczh4wlls5u7ktkefnak.jpg\" title=\"IMG_20210929_124127\" alt=\"IMG_20210929_124127\" loading=\"lazy\" \/>\t\t\t\t\t\t\t\t\t\t\t<figcaption class=\"widget-image-caption wp-caption-text\">Korytarz prowadz\u0105cy do sal <\/figcaption>\n\t\t\t\t\t\t\t\t\t\t<\/figure>\n\t\t\t\t\t\t\t\t\t<\/div>\n\t\t\t\t<\/div>\n\t\t\t\t\t<\/div>\n\t\t<\/div>\n\t\t\t\t\t<\/div>\n\t\t<\/section>\n\t\t\t\t<section class=\"elementor-section elementor-inner-section elementor-element elementor-element-0cbb2b3 elementor-section-boxed elementor-section-height-default elementor-section-height-default\" data-id=\"0cbb2b3\" data-element_type=\"section\">\n\t\t\t\t\t\t<div class=\"elementor-container elementor-column-gap-wider\">\n\t\t\t\t\t<div class=\"elementor-column elementor-col-33 elementor-inner-column elementor-element elementor-element-1819ce7\" data-id=\"1819ce7\" data-element_type=\"column\">\n\t\t\t<div class=\"elementor-widget-wrap elementor-element-populated\">\n\t\t\t\t\t\t<div class=\"elementor-element elementor-element-d5ef498 elementor-invisible elementor-widget elementor-widget-image\" data-id=\"d5ef498\" data-element_type=\"widget\" data-settings=\"{&quot;_animation&quot;:&quot;fadeInLeft&quot;}\" data-widget_type=\"image.default\">\n\t\t\t\t<div class=\"elementor-widget-container\">\n\t\t\t\t\t\t\t\t\t\t\t\t<figure class=\"wp-caption\">\n\t\t\t\t\t\t\t\t\t\t<img decoding=\"async\" src=\"https:\/\/pp11wpolicach.pl\/wp-content\/uploads\/elementor\/thumbs\/sala_zabaw_2-r2a316ax82cybp68cguzo2rciqb91umh0k9tfqsuy4.jpg\" title=\"sala_zabaw_2\" alt=\"sala_zabaw_2\" loading=\"lazy\" \/>\t\t\t\t\t\t\t\t\t\t\t<figcaption class=\"widget-image-caption wp-caption-text\">Sala zabaw ruchowych<\/figcaption>\n\t\t\t\t\t\t\t\t\t\t<\/figure>\n\t\t\t\t\t\t\t\t\t<\/div>\n\t\t\t\t<\/div>\n\t\t\t\t\t<\/div>\n\t\t<\/div>\n\t\t\t\t<div class=\"elementor-column elementor-col-33 elementor-inner-column elementor-element elementor-element-ab0712c\" data-id=\"ab0712c\" data-element_type=\"column\">\n\t\t\t<div class=\"elementor-widget-wrap elementor-element-populated\">\n\t\t\t\t\t\t<div class=\"elementor-element elementor-element-da43974 elementor-invisible elementor-widget elementor-widget-image\" data-id=\"da43974\" data-element_type=\"widget\" data-settings=\"{&quot;_animation&quot;:&quot;fadeInLeft&quot;}\" data-widget_type=\"image.default\">\n\t\t\t\t<div class=\"elementor-widget-container\">\n\t\t\t\t\t\t\t\t\t\t\t\t<figure class=\"wp-caption\">\n\t\t\t\t\t\t\t\t\t\t<img decoding=\"async\" src=\"https:\/\/pp11wpolicach.pl\/wp-content\/uploads\/elementor\/thumbs\/IMG_20211001_120133-pepq42jzuavvtj5iswvyaj5blirrhxipqlzdrdx224.jpg\" title=\"IMG_20211001_120133\" alt=\"IMG_20211001_120133\" loading=\"lazy\" \/>\t\t\t\t\t\t\t\t\t\t\t<figcaption class=\"widget-image-caption wp-caption-text\">Plac zabaw w ogrodzie<\/figcaption>\n\t\t\t\t\t\t\t\t\t\t<\/figure>\n\t\t\t\t\t\t\t\t\t<\/div>\n\t\t\t\t<\/div>\n\t\t\t\t\t<\/div>\n\t\t<\/div>\n\t\t\t\t<div class=\"elementor-column elementor-col-33 elementor-inner-column elementor-element elementor-element-d1244b4\" data-id=\"d1244b4\" data-element_type=\"column\">\n\t\t\t<div class=\"elementor-widget-wrap elementor-element-populated\">\n\t\t\t\t\t\t<div class=\"elementor-element elementor-element-3a3a766 elementor-invisible elementor-widget elementor-widget-image\" data-id=\"3a3a766\" data-element_type=\"widget\" data-settings=\"{&quot;_animation&quot;:&quot;fadeInLeft&quot;}\" data-widget_type=\"image.default\">\n\t\t\t\t<div class=\"elementor-widget-container\">\n\t\t\t\t\t\t\t\t\t\t\t\t<figure class=\"wp-caption\">\n\t\t\t\t\t\t\t\t\t\t<img decoding=\"async\" src=\"https:\/\/pp11wpolicach.pl\/wp-content\/uploads\/elementor\/thumbs\/salka_gimnastyczna_B-r2a37lj7xb5hnrucu8t7pgeqninjne4fwcr9hta0fg.jpg\" title=\"salka_gimnastyczna_B\" alt=\"salka_gimnastyczna_B\" loading=\"lazy\" \/>\t\t\t\t\t\t\t\t\t\t\t<figcaption class=\"widget-image-caption wp-caption-text\">Sala gimnastyczno - teatralna<\/figcaption>\n\t\t\t\t\t\t\t\t\t\t<\/figure>\n\t\t\t\t\t\t\t\t\t<\/div>\n\t\t\t\t<\/div>\n\t\t\t\t\t<\/div>\n\t\t<\/div>\n\t\t\t\t\t<\/div>\n\t\t<\/section>\n\t\t\t\t<div class=\"elementor-element elementor-element-730d5f6f elementor-align-center elementor-widget elementor-widget-button\" data-id=\"730d5f6f\" data-element_type=\"widget\" data-widget_type=\"button.default\">\n\t\t\t\t<div class=\"elementor-widget-container\">\n\t\t\t\t\t\t\t\t\t<div class=\"elementor-button-wrapper\">\n\t\t\t\t\t<a class=\"elementor-button elementor-button-link elementor-size-lg\" href=\"http:\/\/pp11wpolicach.pl\/?page_id=17\">\n\t\t\t\t\t\t<span class=\"elementor-button-content-wrapper\">\n\t\t\t\t\t\t\t\t\t<span class=\"elementor-button-text\">Jak Pracujemy<\/span>\n\t\t\t\t\t<\/span>\n\t\t\t\t\t<\/a>\n\t\t\t\t<\/div>\n\t\t\t\t\t\t\t\t<\/div>\n\t\t\t\t<\/div>\n\t\t\t\t\t<\/div>\n\t\t<\/div>\n\t\t\t\t\t<\/div>\n\t\t<\/section>\n\t\t\t\t<section class=\"elementor-section elementor-top-section elementor-element elementor-element-6b4476eb elementor-section-boxed elementor-section-height-default elementor-section-height-default\" data-id=\"6b4476eb\" data-element_type=\"section\" data-settings=\"{&quot;background_background&quot;:&quot;classic&quot;}\">\n\t\t\t\t\t\t<div class=\"elementor-container elementor-column-gap-wider\">\n\t\t\t\t\t<div class=\"elementor-column elementor-col-50 elementor-top-column elementor-element elementor-element-6d39cf7e elementor-invisible\" data-id=\"6d39cf7e\" data-element_type=\"column\" data-settings=\"{&quot;animation&quot;:&quot;fadeInLeft&quot;}\">\n\t\t\t<div class=\"elementor-widget-wrap elementor-element-populated\">\n\t\t\t\t\t\t<div class=\"elementor-element elementor-element-43dd6fe elementor-widget elementor-widget-heading\" data-id=\"43dd6fe\" data-element_type=\"widget\" data-widget_type=\"heading.default\">\n\t\t\t\t<div class=\"elementor-widget-container\">\n\t\t\t\t\t<h2 class=\"elementor-heading-title elementor-size-default\">Rajdy Piesze<\/h2>\t\t\t\t<\/div>\n\t\t\t\t<\/div>\n\t\t\t\t<div class=\"elementor-element elementor-element-6835eed8 elementor-widget elementor-widget-heading\" data-id=\"6835eed8\" data-element_type=\"widget\" data-widget_type=\"heading.default\">\n\t\t\t\t<div class=\"elementor-widget-container\">\n\t\t\t\t\t<h3 class=\"elementor-heading-title elementor-size-default\">\"Przedszkole Ma Wychodne\"<\/h3>\t\t\t\t<\/div>\n\t\t\t\t<\/div>\n\t\t\t\t<div class=\"elementor-element elementor-element-2ca34908 elementor-widget elementor-widget-text-editor\" data-id=\"2ca34908\" data-element_type=\"widget\" data-widget_type=\"text-editor.default\">\n\t\t\t\t<div class=\"elementor-widget-container\">\n\t\t\t\t\t\t\t\t\t<p style=\"font-variant-ligatures: normal; font-variant-caps: normal; font-family: Alata, sans-serif; font-size: 14px; font-style: normal; font-weight: 400; color: #2d2d2d;\">Nasze przedszkole od wielu lat prowadzi edukacj\u0119 proekologiczn\u0105 i przyrodnicz\u0105. Z jasnej przyczyny, gdy\u017c le\u017cy tu\u017c obok lasu, w gminie, kt\u00f3ra stawia na ekologi\u0119. Dlatego te\u017c postanowili\u015bmy ukierunkowa\u0107 dzieci\u0119c\u0105 ciekawo\u015b\u0107 na otaczaj\u0105c\u0105 nas przyrod\u0119 m.in. poprzez samodzielne poznawanie najbli\u017cszego otoczenia.\u00a0<\/p><p style=\"font-variant-ligatures: normal; font-variant-caps: normal; font-family: Alata, sans-serif; font-size: 14px; font-style: normal; font-weight: 400; color: #2d2d2d;\">Stawiamy na edukacj\u0119 blisk\u0105 dziecku, po\u0142\u0105czon\u0105 z bezpo\u015brednim kontaktem z przyrod\u0105, nie tylko poprzez rozmowy i ilustracje, ale dzia\u0142anie &#8211; tworzenie ogr\u00f3dk\u00f3w okiennych, kwiatowych sadzonek, ale przede wszystkim poprzez le\u015bne przygody, po\u0142\u0105czone z aktywno\u015bci\u0105 badawcz\u0105 w terenie. Czas sp\u0119dzony w lesie, na \u0142onie natury jest czasem zrozumienia, \u017ce w\u015br\u00f3d nas mieszkaj\u0105 r\u00f3wnie\u017c inne istoty, potrzebuj\u0105ce w\u0142asnej przestrzeni, spokoju, ciszy, \u2026<\/p><p style=\"font-variant-ligatures: normal; font-variant-caps: normal; font-family: Alata, sans-serif; font-size: 14px; font-style: normal; font-weight: 400; color: #2d2d2d;\">Czas sp\u0119dzony w trasie jest udan\u0105 aktywno\u015bci\u0105 ruchow\u0105, bo na wycieczki nie je\u017adzimy autokarami, a idziemy na pieszo. Zak\u0142adamy plecaki na plecy, zabieramy wszystko, co jest potrzebne np. lupki, lornetki, \u2026 i idziemy przed siebie, w wygodnym stroju, z szacunkiem dla tego, co nas otacza. Do lasu chodzimy w r\u00f3\u017cnych porach roku, wi\u0119c st\u00f3j powinien by\u0107 r\u00f3\u017cny, przygotowany na s\u0142once i deszcz.<\/p><p style=\"font-variant-ligatures: normal; font-variant-caps: normal; font-family: Alata, sans-serif; font-size: 14px; font-style: normal; font-weight: 400; color: #2d2d2d;\">Wycieczki \u2013 rajdy piesze po Puszczy Wkrza\u0144skiej \u2013 to czas niezapomnianych przyg\u00f3d, ucz\u0105cy szanowania przyrody, jej rozumienia, ale i czas wzajemnej wsp\u00f3\u0142pracy, poznawania natury w zasi\u0119gu r\u0119ki, czas, kt\u00f3ry z pewno\u015bci\u0105 przyniesie efekty w niedalekiej przysz\u0142o\u015bci.\u00a0<\/p>\t\t\t\t\t\t\t\t<\/div>\n\t\t\t\t<\/div>\n\t\t\t\t\t<\/div>\n\t\t<\/div>\n\t\t\t\t<div class=\"elementor-column elementor-col-50 elementor-top-column elementor-element elementor-element-4416289 elementor-invisible\" data-id=\"4416289\" data-element_type=\"column\" data-settings=\"{&quot;animation&quot;:&quot;fadeInRight&quot;}\">\n\t\t\t<div class=\"elementor-widget-wrap elementor-element-populated\">\n\t\t\t\t\t\t<div class=\"elementor-element elementor-element-e3a266f elementor-widget elementor-widget-image\" data-id=\"e3a266f\" data-element_type=\"widget\" data-widget_type=\"image.default\">\n\t\t\t\t<div class=\"elementor-widget-container\">\n\t\t\t\t\t\t\t\t\t\t\t\t\t\t\t<img loading=\"lazy\" decoding=\"async\" width=\"768\" height=\"1024\" src=\"https:\/\/pp11wpolicach.pl\/wp-content\/uploads\/2021\/10\/rajdy6-768x1024.jpg\" class=\"attachment-large size-large wp-image-185\" alt=\"\" srcset=\"https:\/\/pp11wpolicach.pl\/wp-content\/uploads\/2021\/10\/rajdy6-768x1024.jpg 768w, https:\/\/pp11wpolicach.pl\/wp-content\/uploads\/2021\/10\/rajdy6-225x300.jpg 225w, https:\/\/pp11wpolicach.pl\/wp-content\/uploads\/2021\/10\/rajdy6-1152x1536.jpg 1152w, https:\/\/pp11wpolicach.pl\/wp-content\/uploads\/2021\/10\/rajdy6-1536x2048.jpg 1536w\" sizes=\"(max-width: 768px) 100vw, 768px\" \/>\t\t\t\t\t\t\t\t\t\t\t\t\t\t\t<\/div>\n\t\t\t\t<\/div>\n\t\t\t\t\t<\/div>\n\t\t<\/div>\n\t\t\t\t\t<\/div>\n\t\t<\/section>\n\t\t\t\t<section class=\"elementor-section elementor-top-section elementor-element elementor-element-6e5ddbd2 elementor-section-boxed elementor-section-height-default elementor-section-height-default\" data-id=\"6e5ddbd2\" data-element_type=\"section\" data-settings=\"{&quot;background_background&quot;:&quot;classic&quot;}\">\n\t\t\t\t\t\t<div class=\"elementor-container elementor-column-gap-wider\">\n\t\t\t\t\t<div class=\"elementor-column elementor-col-25 elementor-top-column elementor-element elementor-element-6b3e9a98\" data-id=\"6b3e9a98\" data-element_type=\"column\">\n\t\t\t<div class=\"elementor-widget-wrap elementor-element-populated\">\n\t\t\t\t\t\t<div class=\"elementor-element elementor-element-097e087 elementor-widget elementor-widget-heading\" data-id=\"097e087\" data-element_type=\"widget\" data-widget_type=\"heading.default\">\n\t\t\t\t<div class=\"elementor-widget-container\">\n\t\t\t\t\t<h2 class=\"elementor-heading-title elementor-size-default\"><a href=\"https:\/\/pp11wpolicach.pl\/wp-content\/uploads\/2025\/03\/Statut-Przedzkola-nr-11-tekst-jednolity-projekt-17.11.2024-ostateczny-1-1.pdf\">Statut<\/a><\/h2>\t\t\t\t<\/div>\n\t\t\t\t<\/div>\n\t\t\t\t<div class=\"elementor-element elementor-element-9fe870b elementor-widget elementor-widget-image\" data-id=\"9fe870b\" data-element_type=\"widget\" data-widget_type=\"image.default\">\n\t\t\t\t<div class=\"elementor-widget-container\">\n\t\t\t\t\t\t\t\t\t\t\t\t\t\t\t\t<a href=\"http:\/\/pp11wpolicach.pl\/wp-content\/uploads\/2021\/10\/statut-przedszkola-publicznego-nr-11-2021.pdf\">\n\t\t\t\t\t\t\t<img loading=\"lazy\" decoding=\"async\" width=\"1000\" height=\"1000\" src=\"https:\/\/pp11wpolicach.pl\/wp-content\/uploads\/2021\/10\/plik.png\" class=\"attachment-large size-large wp-image-192\" alt=\"\" srcset=\"https:\/\/pp11wpolicach.pl\/wp-content\/uploads\/2021\/10\/plik.png 1000w, https:\/\/pp11wpolicach.pl\/wp-content\/uploads\/2021\/10\/plik-300x300.png 300w, https:\/\/pp11wpolicach.pl\/wp-content\/uploads\/2021\/10\/plik-150x150.png 150w, https:\/\/pp11wpolicach.pl\/wp-content\/uploads\/2021\/10\/plik-768x768.png 768w\" sizes=\"(max-width: 1000px) 100vw, 1000px\" \/>\t\t\t\t\t\t\t\t<\/a>\n\t\t\t\t\t\t\t\t\t\t\t\t\t\t\t<\/div>\n\t\t\t\t<\/div>\n\t\t\t\t\t<\/div>\n\t\t<\/div>\n\t\t\t\t<div class=\"elementor-column elementor-col-25 elementor-top-column elementor-element elementor-element-70990345\" data-id=\"70990345\" data-element_type=\"column\">\n\t\t\t<div class=\"elementor-widget-wrap elementor-element-populated\">\n\t\t\t\t\t\t<div class=\"elementor-element elementor-element-bed8216 elementor-widget elementor-widget-heading\" data-id=\"bed8216\" data-element_type=\"widget\" data-widget_type=\"heading.default\">\n\t\t\t\t<div class=\"elementor-widget-container\">\n\t\t\t\t\t<h2 class=\"elementor-heading-title elementor-size-default\"><a href=\"https:\/\/pp11wpolicach.pl\/wp-content\/uploads\/2025\/03\/25_Regulamin-Przedszkola-Publicznego-nr-11-w-Policach.pdf\">Regulamin<\/a><\/h2>\t\t\t\t<\/div>\n\t\t\t\t<\/div>\n\t\t\t\t<div class=\"elementor-element elementor-element-7a4b6cc elementor-widget elementor-widget-image\" data-id=\"7a4b6cc\" data-element_type=\"widget\" data-widget_type=\"image.default\">\n\t\t\t\t<div class=\"elementor-widget-container\">\n\t\t\t\t\t\t\t\t\t\t\t\t\t\t\t\t<a href=\"http:\/\/pp11wpolicach.pl\/wp-content\/uploads\/2021\/10\/regulamin_przedszkola_pulicznego_nr_11_w_policach.pdf\">\n\t\t\t\t\t\t\t<img loading=\"lazy\" decoding=\"async\" width=\"1000\" height=\"1000\" src=\"https:\/\/pp11wpolicach.pl\/wp-content\/uploads\/2021\/10\/regulamin.png\" class=\"attachment-large size-large wp-image-193\" alt=\"\" srcset=\"https:\/\/pp11wpolicach.pl\/wp-content\/uploads\/2021\/10\/regulamin.png 1000w, https:\/\/pp11wpolicach.pl\/wp-content\/uploads\/2021\/10\/regulamin-300x300.png 300w, https:\/\/pp11wpolicach.pl\/wp-content\/uploads\/2021\/10\/regulamin-150x150.png 150w, https:\/\/pp11wpolicach.pl\/wp-content\/uploads\/2021\/10\/regulamin-768x768.png 768w\" sizes=\"(max-width: 1000px) 100vw, 1000px\" \/>\t\t\t\t\t\t\t\t<\/a>\n\t\t\t\t\t\t\t\t\t\t\t\t\t\t\t<\/div>\n\t\t\t\t<\/div>\n\t\t\t\t\t<\/div>\n\t\t<\/div>\n\t\t\t\t<div class=\"elementor-column elementor-col-25 elementor-top-column elementor-element elementor-element-489dad44\" data-id=\"489dad44\" data-element_type=\"column\">\n\t\t\t<div class=\"elementor-widget-wrap elementor-element-populated\">\n\t\t\t\t\t\t<div class=\"elementor-element elementor-element-c65e877 elementor-widget elementor-widget-heading\" data-id=\"c65e877\" data-element_type=\"widget\" data-widget_type=\"heading.default\">\n\t\t\t\t<div class=\"elementor-widget-container\">\n\t\t\t\t\t<h2 class=\"elementor-heading-title elementor-size-default\"><a href=\"http:\/\/pp11wpolicach.pl\/?page_id=23(otworzy%20si\u0119%20w%20nowej%20zak\u0142adce)\">Op\u0142aty<\/a><\/h2>\t\t\t\t<\/div>\n\t\t\t\t<\/div>\n\t\t\t\t<div class=\"elementor-element elementor-element-345115c elementor-widget elementor-widget-image\" data-id=\"345115c\" data-element_type=\"widget\" data-widget_type=\"image.default\">\n\t\t\t\t<div class=\"elementor-widget-container\">\n\t\t\t\t\t\t\t\t\t\t\t\t\t\t\t\t<a href=\"http:\/\/pp11wpolicach.pl\/?page_id=23(otworzy%20si\u0119%20w%20nowej%20zak\u0142adce)\">\n\t\t\t\t\t\t\t<img loading=\"lazy\" decoding=\"async\" width=\"1000\" height=\"1000\" src=\"https:\/\/pp11wpolicach.pl\/wp-content\/uploads\/2021\/10\/moneta.png\" class=\"attachment-large size-large wp-image-194\" alt=\"\" srcset=\"https:\/\/pp11wpolicach.pl\/wp-content\/uploads\/2021\/10\/moneta.png 1000w, https:\/\/pp11wpolicach.pl\/wp-content\/uploads\/2021\/10\/moneta-300x300.png 300w, https:\/\/pp11wpolicach.pl\/wp-content\/uploads\/2021\/10\/moneta-150x150.png 150w, https:\/\/pp11wpolicach.pl\/wp-content\/uploads\/2021\/10\/moneta-768x768.png 768w\" sizes=\"(max-width: 1000px) 100vw, 1000px\" \/>\t\t\t\t\t\t\t\t<\/a>\n\t\t\t\t\t\t\t\t\t\t\t\t\t\t\t<\/div>\n\t\t\t\t<\/div>\n\t\t\t\t\t<\/div>\n\t\t<\/div>\n\t\t\t\t<div class=\"elementor-column elementor-col-25 elementor-top-column elementor-element elementor-element-22e0355b\" data-id=\"22e0355b\" data-element_type=\"column\">\n\t\t\t<div class=\"elementor-widget-wrap elementor-element-populated\">\n\t\t\t\t\t\t<div class=\"elementor-element elementor-element-b906490 elementor-widget elementor-widget-heading\" data-id=\"b906490\" data-element_type=\"widget\" data-widget_type=\"heading.default\">\n\t\t\t\t<div class=\"elementor-widget-container\">\n\t\t\t\t\t<h2 class=\"elementor-heading-title elementor-size-default\"><a href=\"http:\/\/pp11wpolicach.pl\/?page_id=27(otworzy%20si\u0119%20w%20nowej%20zak\u0142adce)\">Rekrutacja<\/a><\/h2>\t\t\t\t<\/div>\n\t\t\t\t<\/div>\n\t\t\t\t<div class=\"elementor-element elementor-element-4421404 elementor-widget elementor-widget-image\" data-id=\"4421404\" data-element_type=\"widget\" data-widget_type=\"image.default\">\n\t\t\t\t<div class=\"elementor-widget-container\">\n\t\t\t\t\t\t\t\t\t\t\t\t\t\t\t\t<a href=\"http:\/\/pp11wpolicach.pl\/?page_id=27(otworzy%20si\u0119%20w%20nowej%20zak\u0142adce)\">\n\t\t\t\t\t\t\t<img loading=\"lazy\" decoding=\"async\" width=\"1000\" height=\"1000\" src=\"https:\/\/pp11wpolicach.pl\/wp-content\/uploads\/2021\/10\/uscisk.png\" class=\"attachment-large size-large wp-image-195\" alt=\"\" srcset=\"https:\/\/pp11wpolicach.pl\/wp-content\/uploads\/2021\/10\/uscisk.png 1000w, https:\/\/pp11wpolicach.pl\/wp-content\/uploads\/2021\/10\/uscisk-300x300.png 300w, https:\/\/pp11wpolicach.pl\/wp-content\/uploads\/2021\/10\/uscisk-150x150.png 150w, https:\/\/pp11wpolicach.pl\/wp-content\/uploads\/2021\/10\/uscisk-768x768.png 768w\" sizes=\"(max-width: 1000px) 100vw, 1000px\" \/>\t\t\t\t\t\t\t\t<\/a>\n\t\t\t\t\t\t\t\t\t\t\t\t\t\t\t<\/div>\n\t\t\t\t<\/div>\n\t\t\t\t\t<\/div>\n\t\t<\/div>\n\t\t\t\t\t<\/div>\n\t\t<\/section>\n\t\t\t\t<section class=\"elementor-section elementor-top-section elementor-element elementor-element-42f836d6 elementor-section-boxed elementor-section-height-default elementor-section-height-default\" data-id=\"42f836d6\" data-element_type=\"section\" data-settings=\"{&quot;background_background&quot;:&quot;classic&quot;}\">\n\t\t\t\t\t\t\t<div class=\"elementor-background-overlay\"><\/div>\n\t\t\t\t\t\t\t<div class=\"elementor-container elementor-column-gap-default\">\n\t\t\t\t\t<div class=\"elementor-column elementor-col-100 elementor-top-column elementor-element elementor-element-44e8f826 elementor-invisible\" data-id=\"44e8f826\" data-element_type=\"column\" data-settings=\"{&quot;animation&quot;:&quot;fadeInUp&quot;}\">\n\t\t\t<div class=\"elementor-widget-wrap elementor-element-populated\">\n\t\t\t\t\t\t<div class=\"elementor-element elementor-element-41a51cc4 elementor-widget elementor-widget-heading\" data-id=\"41a51cc4\" data-element_type=\"widget\" data-widget_type=\"heading.default\">\n\t\t\t\t<div class=\"elementor-widget-container\">\n\t\t\t\t\t<h2 class=\"elementor-heading-title elementor-size-default\">Zapraszamy do kontaktu<\/h2>\t\t\t\t<\/div>\n\t\t\t\t<\/div>\n\t\t\t\t<div class=\"elementor-element elementor-element-1be0559 elementor-align-center elementor-widget elementor-widget-button\" data-id=\"1be0559\" data-element_type=\"widget\" data-widget_type=\"button.default\">\n\t\t\t\t<div class=\"elementor-widget-container\">\n\t\t\t\t\t\t\t\t\t<div class=\"elementor-button-wrapper\">\n\t\t\t\t\t<a class=\"elementor-button elementor-button-link elementor-size-lg\" href=\"http:\/\/pp11wpolicach.pl\/?page_id=19(otworzy%20si\u0119%20w%20nowej%20zak\u0142adce)\">\n\t\t\t\t\t\t<span class=\"elementor-button-content-wrapper\">\n\t\t\t\t\t\t\t\t\t<span class=\"elementor-button-text\">KONTAKT<\/span>\n\t\t\t\t\t<\/span>\n\t\t\t\t\t<\/a>\n\t\t\t\t<\/div>\n\t\t\t\t\t\t\t\t<\/div>\n\t\t\t\t<\/div>\n\t\t\t\t\t<\/div>\n\t\t<\/div>\n\t\t\t\t\t<\/div>\n\t\t<\/section>\n\t\t\t\t<section class=\"elementor-section elementor-top-section elementor-element elementor-element-34dfe22 elementor-section-boxed elementor-section-height-default elementor-section-height-default\" data-id=\"34dfe22\" data-element_type=\"section\">\n\t\t\t\t\t\t<div class=\"elementor-container elementor-column-gap-default\">\n\t\t\t\t\t<div class=\"elementor-column elementor-col-100 elementor-top-column elementor-element elementor-element-144e07a\" data-id=\"144e07a\" data-element_type=\"column\">\n\t\t\t<div class=\"elementor-widget-wrap elementor-element-populated\">\n\t\t\t\t\t\t<section class=\"elementor-section elementor-inner-section elementor-element elementor-element-5da7daf elementor-section-boxed elementor-section-height-default elementor-section-height-default\" data-id=\"5da7daf\" data-element_type=\"section\">\n\t\t\t\t\t\t<div class=\"elementor-container elementor-column-gap-default\">\n\t\t\t\t\t<div class=\"elementor-column elementor-col-33 elementor-inner-column elementor-element elementor-element-11062ab\" data-id=\"11062ab\" data-element_type=\"column\">\n\t\t\t<div class=\"elementor-widget-wrap\">\n\t\t\t\t\t\t\t<\/div>\n\t\t<\/div>\n\t\t\t\t<div class=\"elementor-column elementor-col-33 elementor-inner-column elementor-element elementor-element-4bb2777\" data-id=\"4bb2777\" data-element_type=\"column\">\n\t\t\t<div class=\"elementor-widget-wrap elementor-element-populated\">\n\t\t\t\t\t\t<div class=\"elementor-element elementor-element-d36822f elementor-view-framed elementor-position-left elementor-vertical-align-middle elementor-shape-circle elementor-mobile-position-top elementor-widget elementor-widget-icon-box\" data-id=\"d36822f\" data-element_type=\"widget\" data-widget_type=\"icon-box.default\">\n\t\t\t\t<div class=\"elementor-widget-container\">\n\t\t\t\t\t\t\t<div class=\"elementor-icon-box-wrapper\">\n\n\t\t\t\t\t\t<div class=\"elementor-icon-box-icon\">\n\t\t\t\t<a href=\"http:\/\/pp11wpolicach.pl\/wp-content\/uploads\/2021\/10\/klauzula_informacyjna_rodo.pdf\" class=\"elementor-icon\" tabindex=\"-1\" aria-label=\"Klauzula informacyjna\">\n\t\t\t\t<i aria-hidden=\"true\" class=\"fas fa-star\"><\/i>\t\t\t\t<\/a>\n\t\t\t<\/div>\n\t\t\t\n\t\t\t\t\t\t<div class=\"elementor-icon-box-content\">\n\n\t\t\t\t\t\t\t\t\t<h3 class=\"elementor-icon-box-title\">\n\t\t\t\t\t\t<a href=\"http:\/\/pp11wpolicach.pl\/wp-content\/uploads\/2021\/10\/klauzula_informacyjna_rodo.pdf\" >\n\t\t\t\t\t\t\tKlauzula informacyjna\t\t\t\t\t\t<\/a>\n\t\t\t\t\t<\/h3>\n\t\t\t\t\n\t\t\t\t\t\t\t\t\t<p class=\"elementor-icon-box-description\">\n\t\t\t\t\t\tRODO\t\t\t\t\t<\/p>\n\t\t\t\t\n\t\t\t<\/div>\n\t\t\t\n\t\t<\/div>\n\t\t\t\t\t\t<\/div>\n\t\t\t\t<\/div>\n\t\t\t\t\t<\/div>\n\t\t<\/div>\n\t\t\t\t<div class=\"elementor-column elementor-col-33 elementor-inner-column elementor-element elementor-element-15e228b\" data-id=\"15e228b\" data-element_type=\"column\">\n\t\t\t<div class=\"elementor-widget-wrap\">\n\t\t\t\t\t\t\t<\/div>\n\t\t<\/div>\n\t\t\t\t\t<\/div>\n\t\t<\/section>\n\t\t\t\t\t<\/div>\n\t\t<\/div>\n\t\t\t\t\t<\/div>\n\t\t<\/section>\n\t\t\t\t<section class=\"elementor-section elementor-top-section elementor-element elementor-element-2867e73 elementor-section-boxed elementor-section-height-default elementor-section-height-default\" data-id=\"2867e73\" data-element_type=\"section\">\n\t\t\t\t\t\t<div class=\"elementor-container elementor-column-gap-default\">\n\t\t\t\t\t<div class=\"elementor-column elementor-col-100 elementor-top-column elementor-element elementor-element-c8dc227\" data-id=\"c8dc227\" data-element_type=\"column\" data-settings=\"{&quot;background_background&quot;:&quot;classic&quot;}\">\n\t\t\t<div class=\"elementor-widget-wrap elementor-element-populated\">\n\t\t\t\t\t\t<section class=\"elementor-section elementor-inner-section elementor-element elementor-element-e3b0c20 elementor-section-boxed elementor-section-height-default elementor-section-height-default\" data-id=\"e3b0c20\" data-element_type=\"section\">\n\t\t\t\t\t\t<div class=\"elementor-container elementor-column-gap-default\">\n\t\t\t\t\t<div class=\"elementor-column elementor-col-25 elementor-inner-column elementor-element elementor-element-ec0ccf8\" data-id=\"ec0ccf8\" data-element_type=\"column\" data-settings=\"{&quot;background_background&quot;:&quot;classic&quot;}\">\n\t\t\t<div class=\"elementor-widget-wrap elementor-element-populated\">\n\t\t\t\t\t\t<div class=\"elementor-element elementor-element-56c6209 elementor-widget elementor-widget-image\" data-id=\"56c6209\" data-element_type=\"widget\" data-widget_type=\"image.default\">\n\t\t\t\t<div class=\"elementor-widget-container\">\n\t\t\t\t\t\t\t\t\t\t\t\t\t\t\t<img loading=\"lazy\" decoding=\"async\" width=\"509\" height=\"599\" src=\"https:\/\/pp11wpolicach.pl\/wp-content\/uploads\/2021\/10\/godlo_polski.svg-1.png\" class=\"attachment-large size-large wp-image-245\" alt=\"\" srcset=\"https:\/\/pp11wpolicach.pl\/wp-content\/uploads\/2021\/10\/godlo_polski.svg-1.png 509w, https:\/\/pp11wpolicach.pl\/wp-content\/uploads\/2021\/10\/godlo_polski.svg-1-255x300.png 255w\" sizes=\"(max-width: 509px) 100vw, 509px\" \/>\t\t\t\t\t\t\t\t\t\t\t\t\t\t\t<\/div>\n\t\t\t\t<\/div>\n\t\t\t\t\t<\/div>\n\t\t<\/div>\n\t\t\t\t<div class=\"elementor-column elementor-col-25 elementor-inner-column elementor-element elementor-element-23818a0\" data-id=\"23818a0\" data-element_type=\"column\">\n\t\t\t<div class=\"elementor-widget-wrap elementor-element-populated\">\n\t\t\t\t\t\t<div class=\"elementor-element elementor-element-1e84b5e elementor-widget elementor-widget-heading\" data-id=\"1e84b5e\" data-element_type=\"widget\" data-widget_type=\"heading.default\">\n\t\t\t\t<div class=\"elementor-widget-container\">\n\t\t\t\t\t<h4 class=\"elementor-heading-title elementor-size-default\">Przedszkole Publiczne nr 11 w Policach - Budynek A<\/h4>\t\t\t\t<\/div>\n\t\t\t\t<\/div>\n\t\t\t\t<div class=\"elementor-element elementor-element-fd153b9 elementor-icon-list--layout-traditional elementor-list-item-link-full_width elementor-widget elementor-widget-icon-list\" data-id=\"fd153b9\" data-element_type=\"widget\" data-widget_type=\"icon-list.default\">\n\t\t\t\t<div class=\"elementor-widget-container\">\n\t\t\t\t\t\t\t<ul class=\"elementor-icon-list-items\">\n\t\t\t\t\t\t\t<li class=\"elementor-icon-list-item\">\n\t\t\t\t\t\t\t\t\t\t\t<span class=\"elementor-icon-list-icon\">\n\t\t\t\t\t\t\t<i aria-hidden=\"true\" class=\"fas fa-map-marker-alt\"><\/i>\t\t\t\t\t\t<\/span>\n\t\t\t\t\t\t\t\t\t\t<span class=\"elementor-icon-list-text\">ul. Przyja\u017ani 1, 72-010 Police<\/span>\n\t\t\t\t\t\t\t\t\t<\/li>\n\t\t\t\t\t\t\t\t<li class=\"elementor-icon-list-item\">\n\t\t\t\t\t\t\t\t\t\t\t<span class=\"elementor-icon-list-icon\">\n\t\t\t\t\t\t\t<i aria-hidden=\"true\" class=\"fas fa-phone-alt\"><\/i>\t\t\t\t\t\t<\/span>\n\t\t\t\t\t\t\t\t\t\t<span class=\"elementor-icon-list-text\">507 079 060 <\/span>\n\t\t\t\t\t\t\t\t\t<\/li>\n\t\t\t\t\t\t\t\t<li class=\"elementor-icon-list-item\">\n\t\t\t\t\t\t\t\t\t\t\t<span class=\"elementor-icon-list-icon\">\n\t\t\t\t\t\t\t<i aria-hidden=\"true\" class=\"fas fa-phone-alt\"><\/i>\t\t\t\t\t\t<\/span>\n\t\t\t\t\t\t\t\t\t\t<span class=\"elementor-icon-list-text\">Adres E-Dor\u0119czenia: AE:PL-61513-21333-JGAIU-29<\/span>\n\t\t\t\t\t\t\t\t\t<\/li>\n\t\t\t\t\t\t\t\t<li class=\"elementor-icon-list-item\">\n\t\t\t\t\t\t\t\t\t\t\t<span class=\"elementor-icon-list-icon\">\n\t\t\t\t\t\t\t<i aria-hidden=\"true\" class=\"fas fa-envelope\"><\/i>\t\t\t\t\t\t<\/span>\n\t\t\t\t\t\t\t\t\t\t<span class=\"elementor-icon-list-text\">sekretariat@pp11wpolicach.pl<\/span>\n\t\t\t\t\t\t\t\t\t<\/li>\n\t\t\t\t\t\t<\/ul>\n\t\t\t\t\t\t<\/div>\n\t\t\t\t<\/div>\n\t\t\t\t\t<\/div>\n\t\t<\/div>\n\t\t\t\t<div class=\"elementor-column elementor-col-25 elementor-inner-column elementor-element elementor-element-7bca6b9\" data-id=\"7bca6b9\" data-element_type=\"column\">\n\t\t\t<div class=\"elementor-widget-wrap elementor-element-populated\">\n\t\t\t\t\t\t<div class=\"elementor-element elementor-element-54ef3e0 elementor-widget elementor-widget-heading\" data-id=\"54ef3e0\" data-element_type=\"widget\" data-widget_type=\"heading.default\">\n\t\t\t\t<div class=\"elementor-widget-container\">\n\t\t\t\t\t<h4 class=\"elementor-heading-title elementor-size-default\">Przedszkole Publiczne nr 11 w Policach - Budynek B<\/h4>\t\t\t\t<\/div>\n\t\t\t\t<\/div>\n\t\t\t\t<div class=\"elementor-element elementor-element-d9ddb92 elementor-icon-list--layout-traditional elementor-list-item-link-full_width elementor-widget elementor-widget-icon-list\" data-id=\"d9ddb92\" data-element_type=\"widget\" data-widget_type=\"icon-list.default\">\n\t\t\t\t<div class=\"elementor-widget-container\">\n\t\t\t\t\t\t\t<ul class=\"elementor-icon-list-items\">\n\t\t\t\t\t\t\t<li class=\"elementor-icon-list-item\">\n\t\t\t\t\t\t\t\t\t\t\t<span class=\"elementor-icon-list-icon\">\n\t\t\t\t\t\t\t<i aria-hidden=\"true\" class=\"fas fa-map-marker-alt\"><\/i>\t\t\t\t\t\t<\/span>\n\t\t\t\t\t\t\t\t\t\t<span class=\"elementor-icon-list-text\">ul. Przyja\u017ani 33, 72-010 Police<\/span>\n\t\t\t\t\t\t\t\t\t<\/li>\n\t\t\t\t\t\t\t\t<li class=\"elementor-icon-list-item\">\n\t\t\t\t\t\t\t\t\t\t\t<span class=\"elementor-icon-list-icon\">\n\t\t\t\t\t\t\t<i aria-hidden=\"true\" class=\"fas fa-phone-alt\"><\/i>\t\t\t\t\t\t<\/span>\n\t\t\t\t\t\t\t\t\t\t<span class=\"elementor-icon-list-text\">91 3179 934 <\/span>\n\t\t\t\t\t\t\t\t\t<\/li>\n\t\t\t\t\t\t\t\t<li class=\"elementor-icon-list-item\">\n\t\t\t\t\t\t\t\t\t\t\t<span class=\"elementor-icon-list-icon\">\n\t\t\t\t\t\t\t<i aria-hidden=\"true\" class=\"fas fa-phone-alt\"><\/i>\t\t\t\t\t\t<\/span>\n\t\t\t\t\t\t\t\t\t\t<span class=\"elementor-icon-list-text\">570 062 996<\/span>\n\t\t\t\t\t\t\t\t\t<\/li>\n\t\t\t\t\t\t\t\t<li class=\"elementor-icon-list-item\">\n\t\t\t\t\t\t\t\t\t\t\t<span class=\"elementor-icon-list-icon\">\n\t\t\t\t\t\t\t<i aria-hidden=\"true\" class=\"fas fa-envelope\"><\/i>\t\t\t\t\t\t<\/span>\n\t\t\t\t\t\t\t\t\t\t<span class=\"elementor-icon-list-text\">sekretariat@pp11wpolicach.pl<\/span>\n\t\t\t\t\t\t\t\t\t<\/li>\n\t\t\t\t\t\t<\/ul>\n\t\t\t\t\t\t<\/div>\n\t\t\t\t<\/div>\n\t\t\t\t\t<\/div>\n\t\t<\/div>\n\t\t\t\t<div class=\"elementor-column elementor-col-25 elementor-inner-column elementor-element elementor-element-d15a05b\" data-id=\"d15a05b\" data-element_type=\"column\">\n\t\t\t<div class=\"elementor-widget-wrap elementor-element-populated\">\n\t\t\t\t\t\t<div class=\"elementor-element elementor-element-c58c6a2 elementor-widget elementor-widget-image\" data-id=\"c58c6a2\" data-element_type=\"widget\" data-widget_type=\"image.default\">\n\t\t\t\t<div class=\"elementor-widget-container\">\n\t\t\t\t\t\t\t\t\t\t\t\t\t\t\t\t<a href=\"http:\/\/bip.police.pl\/\">\n\t\t\t\t\t\t\t<img loading=\"lazy\" decoding=\"async\" width=\"400\" height=\"320\" src=\"https:\/\/pp11wpolicach.pl\/wp-content\/uploads\/2021\/10\/unnamed.jpg\" class=\"attachment-large size-large wp-image-252\" alt=\"\" srcset=\"https:\/\/pp11wpolicach.pl\/wp-content\/uploads\/2021\/10\/unnamed.jpg 400w, https:\/\/pp11wpolicach.pl\/wp-content\/uploads\/2021\/10\/unnamed-300x240.jpg 300w\" sizes=\"(max-width: 400px) 100vw, 400px\" \/>\t\t\t\t\t\t\t\t<\/a>\n\t\t\t\t\t\t\t\t\t\t\t\t\t\t\t<\/div>\n\t\t\t\t<\/div>\n\t\t\t\t\t<\/div>\n\t\t<\/div>\n\t\t\t\t\t<\/div>\n\t\t<\/section>\n\t\t\t\t\t<\/div>\n\t\t<\/div>\n\t\t\t\t\t<\/div>\n\t\t<\/section>\n\t\t\t\t<section class=\"elementor-section elementor-top-section elementor-element elementor-element-da82ca5 elementor-section-boxed elementor-section-height-default elementor-section-height-default\" data-id=\"da82ca5\" data-element_type=\"section\">\n\t\t\t\t\t\t<div class=\"elementor-container elementor-column-gap-default\">\n\t\t\t\t\t<div class=\"elementor-column elementor-col-100 elementor-top-column elementor-element elementor-element-485b913\" data-id=\"485b913\" data-element_type=\"column\">\n\t\t\t<div class=\"elementor-widget-wrap elementor-element-populated\">\n\t\t\t\t\t\t<div class=\"elementor-element elementor-element-bf0bcde elementor-widget elementor-widget-text-editor\" data-id=\"bf0bcde\" data-element_type=\"widget\" data-widget_type=\"text-editor.default\">\n\t\t\t\t<div class=\"elementor-widget-container\">\n\t\t\t\t\t\t\t\t\t<p>Lorem ipsum dolor sit amet, consectetur adipiscing elit. Ut elit tellus, luctus nec ullamcorper mattis, pulvinar dapibus leo.<\/p>\t\t\t\t\t\t\t\t<\/div>\n\t\t\t\t<\/div>\n\t\t\t\t\t<\/div>\n\t\t<\/div>\n\t\t\t\t\t<\/div>\n\t\t<\/section>\n\t\t\t\t<\/div>\n\t\t","protected":false},"excerpt":{"rendered":"<p>\u201ePrzedszkole Przyja\u017ani na ulicy Przyja\u017ani\u201d &#8211; wita na swojej stronie&#8230; Przedszkole Publiczne nr 11 w Policach Aktualno\u015bci Teams Office 365 Oficjalny kana\u0142 komunikacyjny naszego przedszkola \/ ADRES E-DOR\u0118CZENIA : AE:PL-61513-21333-JGAIU-29 KADRa metody jak pracujemy &#8222;Biuletyn &#8222;Echo 11&#8221; Metody pracy Zaj\u0119cia Co nas wyr\u00f3\u017cnia O NAS&#8230; Mi\u0142o nam jest powita\u0107 wszystkich odwiedzaj\u0105cych. Jeste\u015bmy jednym z wi\u0119kszych [&hellip;]<\/p>\n","protected":false},"author":1,"featured_media":0,"parent":0,"menu_order":0,"comment_status":"closed","ping_status":"closed","template":"","meta":{"ocean_post_layout":"full-screen","ocean_both_sidebars_style":"","ocean_both_sidebars_content_width":0,"ocean_both_sidebars_sidebars_width":0,"ocean_sidebar":"0","ocean_second_sidebar":"0","ocean_disable_margins":"enable","ocean_add_body_class":"","ocean_shortcode_before_top_bar":"","ocean_shortcode_after_top_bar":"","ocean_shortcode_before_header":"","ocean_shortcode_after_header":"","ocean_has_shortcode":"","ocean_shortcode_after_title":"","ocean_shortcode_before_footer_widgets":"","ocean_shortcode_after_footer_widgets":"","ocean_shortcode_before_footer_bottom":"","ocean_shortcode_after_footer_bottom":"","ocean_display_top_bar":"off","ocean_display_header":"default","ocean_header_style":"","ocean_center_header_left_menu":"0","ocean_custom_header_template":"0","ocean_custom_logo":0,"ocean_custom_retina_logo":0,"ocean_custom_logo_max_width":0,"ocean_custom_logo_tablet_max_width":0,"ocean_custom_logo_mobile_max_width":0,"ocean_custom_logo_max_height":0,"ocean_custom_logo_tablet_max_height":0,"ocean_custom_logo_mobile_max_height":0,"ocean_header_custom_menu":"0","ocean_menu_typo_font_family":"0","ocean_menu_typo_font_subset":"","ocean_menu_typo_font_size":0,"ocean_menu_typo_font_size_tablet":0,"ocean_menu_typo_font_size_mobile":0,"ocean_menu_typo_font_size_unit":"px","ocean_menu_typo_font_weight":"","ocean_menu_typo_font_weight_tablet":"","ocean_menu_typo_font_weight_mobile":"","ocean_menu_typo_transform":"","ocean_menu_typo_transform_tablet":"","ocean_menu_typo_transform_mobile":"","ocean_menu_typo_line_height":0,"ocean_menu_typo_line_height_tablet":0,"ocean_menu_typo_line_height_mobile":0,"ocean_menu_typo_line_height_unit":"","ocean_menu_typo_spacing":0,"ocean_menu_typo_spacing_tablet":0,"ocean_menu_typo_spacing_mobile":0,"ocean_menu_typo_spacing_unit":"","ocean_menu_link_color":"","ocean_menu_link_color_hover":"","ocean_menu_link_color_active":"","ocean_menu_link_background":"","ocean_menu_link_hover_background":"","ocean_menu_link_active_background":"","ocean_menu_social_links_bg":"","ocean_menu_social_hover_links_bg":"","ocean_menu_social_links_color":"","ocean_menu_social_hover_links_color":"","ocean_disable_title":"on","ocean_disable_heading":"default","ocean_post_title":"","ocean_post_subheading":"","ocean_post_title_style":"","ocean_post_title_background_color":"","ocean_post_title_background":0,"ocean_post_title_bg_image_position":"","ocean_post_title_bg_image_attachment":"","ocean_post_title_bg_image_repeat":"","ocean_post_title_bg_image_size":"","ocean_post_title_height":0,"ocean_post_title_bg_overlay":0.5,"ocean_post_title_bg_overlay_color":"","ocean_disable_breadcrumbs":"default","ocean_breadcrumbs_color":"","ocean_breadcrumbs_separator_color":"","ocean_breadcrumbs_links_color":"","ocean_breadcrumbs_links_hover_color":"","ocean_display_footer_widgets":"off","ocean_display_footer_bottom":"off","ocean_custom_footer_template":"0","footnotes":""},"class_list":["post-7","page","type-page","status-publish","hentry","entry"],"_links":{"self":[{"href":"https:\/\/pp11wpolicach.pl\/index.php?rest_route=\/wp\/v2\/pages\/7","targetHints":{"allow":["GET"]}}],"collection":[{"href":"https:\/\/pp11wpolicach.pl\/index.php?rest_route=\/wp\/v2\/pages"}],"about":[{"href":"https:\/\/pp11wpolicach.pl\/index.php?rest_route=\/wp\/v2\/types\/page"}],"author":[{"embeddable":true,"href":"https:\/\/pp11wpolicach.pl\/index.php?rest_route=\/wp\/v2\/users\/1"}],"replies":[{"embeddable":true,"href":"https:\/\/pp11wpolicach.pl\/index.php?rest_route=%2Fwp%2Fv2%2Fcomments&post=7"}],"version-history":[{"count":256,"href":"https:\/\/pp11wpolicach.pl\/index.php?rest_route=\/wp\/v2\/pages\/7\/revisions"}],"predecessor-version":[{"id":883,"href":"https:\/\/pp11wpolicach.pl\/index.php?rest_route=\/wp\/v2\/pages\/7\/revisions\/883"}],"wp:attachment":[{"href":"https:\/\/pp11wpolicach.pl\/index.php?rest_route=%2Fwp%2Fv2%2Fmedia&parent=7"}],"curies":[{"name":"wp","href":"https:\/\/api.w.org\/{rel}","templated":true}]}}